{"id":179,"date":"2018-02-06T13:29:21","date_gmt":"2018-02-06T13:29:21","guid":{"rendered":"http:\/\/serwer1713535.home.pl\/autoinstalator\/wordpress\/?page_id=179"},"modified":"2026-04-16T18:14:09","modified_gmt":"2026-04-16T18:14:09","slug":"wesela","status":"publish","type":"page","link":"https:\/\/kubus-szczecin.pl\/?page_id=179","title":{"rendered":"Wesele"},"content":{"rendered":"<div id=\"pl-179\"  class=\"panel-layout\" ><div id=\"pg-179-0\"  class=\"panel-grid panel-no-style\" ><div id=\"pgc-179-0-0\"  class=\"panel-grid-cell\" ><div id=\"panel-179-0-0-0\" class=\"so-panel widget widget_sow-editor panel-first-child panel-last-child\" data-index=\"0\" ><div\n\t\t\t\n\t\t\tclass=\"so-widget-sow-editor so-widget-sow-editor-base\"\n\t\t\t\n\t\t>\n<div class=\"siteorigin-widget-tinymce textwidget\">\n\t<p>&nbsp;<\/p>\n<\/div>\n<\/div><\/div><\/div><\/div><div id=\"pg-179-1\"  class=\"panel-grid panel-no-style\" ><div id=\"pgc-179-1-0\"  class=\"panel-grid-cell\" ><div id=\"panel-179-1-0-0\" class=\"so-panel widget widget_sow-editor panel-first-child panel-last-child\" data-index=\"1\" ><div\n\t\t\t\n\t\t\tclass=\"so-widget-sow-editor so-widget-sow-editor-base\"\n\t\t\t\n\t\t>\n<div class=\"siteorigin-widget-tinymce textwidget\">\n\t<h2 style=\"text-align: center;\"><strong>WESELA 2026<\/strong><\/h2>\n<p style=\"text-align: center;\">Przedstawiamy Pa\u0144stwu przyk\u0142adowy pakiet menu. S\u0105 to tylko nasze propozycje, kt\u00f3re mo\u017cecie Pa\u0144stwo w dowolny spos\u00f3b zmienia\u0107 , aby stworzy\u0107 jedno niepowtarzalne menu.<\/p>\n<p style=\"text-align: center;\"><strong>Ka\u017cd\u0105 uroczysto\u015b\u0107 zaczynamy Powitaniem Pa\u0144stwa M\u0142odych chlebem i sol\u0105.<\/strong><\/p>\n<\/div>\n<\/div><\/div><\/div><\/div><div id=\"pg-179-2\"  class=\"panel-grid panel-no-style\" ><div id=\"pgc-179-2-0\"  class=\"panel-grid-cell\" ><div id=\"panel-179-2-0-0\" class=\"so-panel widget widget_sow-editor panel-first-child panel-last-child\" data-index=\"2\" ><div\n\t\t\t\n\t\t\tclass=\"so-widget-sow-editor so-widget-sow-editor-base\"\n\t\t\t\n\t\t>\n<div class=\"siteorigin-widget-tinymce textwidget\">\n\t<div>\n<p style=\"text-align: center;\"><strong>ZUPA: (1 DO WYBORU)<\/strong><\/p>\n<\/div>\n<div style=\"text-align: center;\">\n<p>ROS\u00d3\u0141<\/p>\n<\/div>\n<div style=\"text-align: center;\">\n<p>KREM Z POMIDOR\u00d3W<\/p>\n<\/div>\n<div style=\"text-align: center;\">\n<p>\u017bUREK<\/p>\n<p>&nbsp;<\/p>\n<\/div>\n<div style=\"text-align: center;\">\n<p><strong>DRUGIE DANIE: (2 Do wyboru porcja p\u00f3\u0142 na p\u00f3\u0142)<\/strong><\/p>\n<\/div>\n<div style=\"text-align: center;\">\n<p>DE VOLAILLE<\/p>\n<\/div>\n<div style=\"text-align: center;\">\n<p>FILET W CIE\u015aCIE FRANCUSKIM ZE SZPINAKIEM<\/p>\n<\/div>\n<div style=\"text-align: center;\">\n<p>FILET PANIEORWANY\/SCHAB PANIEROWANY<\/p>\n<\/div>\n<div style=\"text-align: center;\">\n<p>SCHAB Z KO\u015aCI\u0104<\/p>\n<\/div>\n<div style=\"text-align: center;\">\n<p>SCHAB PO ZB\u00d3JNICKU<\/p>\n<\/div>\n<div style=\"text-align: center;\">\n<p>KARK\u00d3WKA LUB FILET DROBIOWY GRILLOWANY<\/p>\n<\/div>\n<div style=\"text-align: center;\">\n<p>POL\u0118DWICZKI DROBIOWE W SOSIE KURKOWYM<\/p>\n<\/div>\n<div style=\"text-align: center;\">\n<p><strong>*WERSJA DLA OS\u00d3B WEGE:<\/strong><\/p>\n<\/div>\n<div style=\"text-align: center;\">\n<p>PAPRYKA FASZEROWANA RY\u017bEM I WARZYWAMI<\/p>\n<\/div>\n<div style=\"text-align: center;\">\n<p>RYBA POD PIERZYNK\u0104<\/p>\n<\/div>\n<div style=\"text-align: center;\">\n<p>CAMEMBERT PANIEROWANY Z \u017bURAWIN\u0104<\/p>\n<p>&nbsp;<\/p>\n<\/div>\n<div style=\"text-align: center;\">\n<p><strong>DODATKI: (2 Do wyboru porcja p\u00f3\u0142 na p\u00f3\u0142)<\/strong><\/p>\n<\/div>\n<div style=\"text-align: center;\">\n<p>ZIEMNIAKI GOTOWANE Z KOPERKIEM<\/p>\n<\/div>\n<div style=\"text-align: center;\">\n<p>ZIEMNIAKI PIECZONE<\/p>\n<\/div>\n<div style=\"text-align: center;\">\n<p>KLUSKI \u015aL\u0104SKIE<\/p>\n<\/div>\n<div style=\"text-align: center;\">\n<p>FRYTKI<\/p>\n<\/div>\n<div style=\"text-align: center;\">\n<p><strong>SUR\u00d3WKI \/ 2 RODZAJE:<\/strong><\/p>\n<\/div>\n<div style=\"text-align: center;\">\n<p>BURACZKI, COLES\u0141AW, WIOSENNA, MARCHEWKA, OG\u00d3REK KISZONY<\/p>\n<\/div>\n<div style=\"text-align: center;\">\n<p>MENU DLA DZIECI:<\/p>\n<\/div>\n<div style=\"text-align: center;\">\n<p>NUGETTSY Z FRYTKAMI<\/p>\n<p>&nbsp;<\/p>\n<\/div>\n<div style=\"text-align: center;\">\n<p><strong>ZIMNE PRZEK\u0104SKI (7 DO WYBORU)<\/strong><\/p>\n<\/div>\n<div style=\"text-align: center;\">\n<p>TRADYCYJNA SA\u0141ATKA JARZYNOWA<\/p>\n<\/div>\n<div style=\"text-align: center;\">\n<p>SA\u0141ATKA CEZAR<\/p>\n<\/div>\n<div style=\"text-align: center;\">\n<p>SA\u0141ATKA GYROS<\/p>\n<\/div>\n<div style=\"text-align: center;\">\n<p>SA\u0141ATKA Z MAKAROENM CHI\u0143SKIM I KURCZAKIEM<\/p>\n<\/div>\n<div style=\"text-align: center;\">\n<p>SA\u0141ATKA GRECKA SA\u0141ATKA Z BURAKA, FETY I S\u0141ONECZNIKA<\/p>\n<\/div>\n<div style=\"text-align: center;\">\n<p>JAJKA W SOSIE TATARSKIM\/ Z \u0141OSOSIEM I KAWIOREM<\/p>\n<\/div>\n<div style=\"text-align: center;\">\n<p>MINI KOTLECIKI WIEPRZOWE<\/p>\n<\/div>\n<div style=\"text-align: center;\">\n<p>\u015aLEDZIK GAJOWEGO \u015aLED\u0179 W OLEJU<\/p>\n<\/div>\n<div style=\"text-align: center;\">\n<p>GALARETKA DROBIOWA\/WIEPRZOWA<\/p>\n<p>PA\u0141KI Z KURCZAKA W MARYNACIE MIODOWEJ<\/p>\n<\/div>\n<div style=\"text-align: center;\">\n<p>TATAR TRADYCYJNY<\/p>\n<\/div>\n<div style=\"text-align: center;\">\n<p>MI\u0118SA PIECZONE SCHAB\/KARK\u00d3WKA\/DR\u00d3B<\/p>\n<\/div>\n<div style=\"text-align: center;\">\n<p>SERY: \u017b\u00d3\u0141TE I PLE\u015aNIOWE<\/p>\n<\/div>\n<div style=\"text-align: center;\">\n<p>PIECZARKI FASZEROWANE<\/p>\n<\/div>\n<div style=\"text-align: center;\">\n<p>RYBA PO GRECKU<\/p>\n<\/div>\n<div style=\"text-align: center;\">\n<p>TORTILLE NADZIEWANE<\/p>\n<\/div>\n<div style=\"text-align: center;\">\n<p>SZPARAGI W SZYNCE SAKIEWKI ZE SZPINAKIEM I FET\u0104<\/p>\n<p>&nbsp;<\/p>\n<\/div>\n<div style=\"text-align: center;\">\n<p><strong>DODATKOWY GOR\u0104CY POSI\u0141EK: ( 1 DO WYBORU)<\/strong><\/p>\n<\/div>\n<div style=\"text-align: center;\">\n<p>GOLONKA WIEPRZOWA Z KAPUST\u0104 ZASMA\u017bAN\u0104<\/p>\n<\/div>\n<div style=\"text-align: center;\">\n<p>ZUPA GULASZOWA<\/p>\n<p>SZASZ\u0141YK WIEPRZOWY<\/p>\n<p>SZASZ\u0141YK DROBIOWY<\/p>\n<p>BARSZCZ Z PASZTECIKIEM<\/p>\n<\/div>\n<div style=\"text-align: center;\">\n<p>FLAKI<\/p>\n<\/div>\n<div style=\"text-align: center;\">\n<p>BARSZCZ Z KROKIETEM SER, PIECZARKI\/ LUB MI\u0118SO<\/p>\n<p>&nbsp;<\/p>\n<\/div>\n<div style=\"text-align: center;\">\n<p><strong>S\u0141ODKI BUFET:<\/strong><\/p>\n<\/div>\n<div style=\"text-align: center;\">\n<p>CIASTA\u00a0 OK 150GR\/OSOBA<\/p>\n<\/div>\n<div style=\"text-align: center;\">\n<p>KAWA , HERBATA, WODA, SOKI (POMARA\u0143CZOWY) B\/O<\/p>\n<\/div>\n<div style=\"text-align: center;\">\n<p>*NAPOJE GAZOWANE (COCA-COLA, SPRITE) 10z\u0142 \/ osoba<\/p>\n<p>&nbsp;<\/p>\n<\/div>\n<div style=\"text-align: center;\">\n<p><strong>*TORT JEST PO STRONIE KLIENTA<\/strong><\/p>\n<\/div>\n<div style=\"text-align: center;\">\n<p><strong>*ALKOHOL JEST PO STRONIE KLIENTA BEZ DODATKOWYCH OP\u0141AT<\/strong><\/p>\n<\/div>\n<div style=\"text-align: center;\">\n<p>&nbsp;<\/p>\n<p><strong>DEKORACJA PODSTAWOWA W CENIE: <\/strong><\/p>\n<p>\u015aCIANKA ZA PAR\u0104 M\u0141OD\u0104, BIA\u0141Y OBRUS, \u015aWIECZKI SERWETKA I KOKARDA NA KRZES\u0141O W WYBRANYM KOLORZE, POKROWCE NA KRZES\u0141A<\/p>\n<p>&nbsp;<\/p>\n<\/div>\n<div style=\"text-align: center;\">\n<p>CZAS TRWANIA IMPREZY: <strong>DO 9 GODZIN<\/strong><\/p>\n<\/div>\n<div>\n<p style=\"text-align: center;\"><strong>CENA OD 280 Z\u0141\/OSOBY<\/strong><\/p>\n<\/div>\n<p style=\"text-align: center;\"><strong>DO DYSPOPOZYCJI:<\/strong><\/p>\n<p style=\"text-align: center;\">MA\u0141A SALA -MINIMUM 15 OS\u00d3B<\/p>\n<p style=\"text-align: center;\">DU\u017bA SALA - MINIMU 30 OS\u00d3B<\/p>\n<\/div>\n<\/div><\/div><\/div><\/div><div id=\"pg-179-3\"  class=\"panel-grid panel-no-style\" ><div id=\"pgc-179-3-0\"  class=\"panel-grid-cell panel-grid-cell-empty\" ><\/div><div id=\"pgc-179-3-1\"  class=\"panel-grid-cell panel-grid-cell-empty\" ><\/div><div id=\"pgc-179-3-2\"  class=\"panel-grid-cell\" ><div id=\"panel-179-3-2-0\" class=\"so-panel widget widget_sow-button panel-first-child\" data-index=\"3\" ><div\n\t\t\t\n\t\t\tclass=\"so-widget-sow-button so-widget-sow-button-wire-c2f37adf1c23-179\"\n\t\t\t\n\t\t><div class=\"ow-button-base ow-button-align-center\"\n>\n\t\t\t<a\n\t\t\t\t\thref=\"https:\/\/kubus-szczecin.pl\/?page_id=159\"\n\t\t\t\t\tclass=\"sowb-button ow-icon-placement-left ow-button-hover\" \t>\n\t\t<span>\n\t\t\t\n\t\t\tpowr\u00f3t...\t\t<\/span>\n\t\t\t<\/a>\n\t<\/div>\n<\/div><\/div><div id=\"panel-179-3-2-1\" class=\"so-panel widget widget_sow-editor panel-last-child\" data-index=\"4\" ><div\n\t\t\t\n\t\t\tclass=\"so-widget-sow-editor so-widget-sow-editor-base\"\n\t\t\t\n\t\t>\n<div class=\"siteorigin-widget-tinymce textwidget\">\n\t<p>&nbsp;<\/p>\n<\/div>\n<\/div><\/div><\/div><div id=\"pgc-179-3-3\"  class=\"panel-grid-cell panel-grid-cell-empty panel-grid-cell-mobile-last\" ><\/div><div id=\"pgc-179-3-4\"  class=\"panel-grid-cell panel-grid-cell-empty\" ><\/div><\/div><\/div>","protected":false},"excerpt":{"rendered":"<p>&nbsp; WESELA 2026 Przedstawiamy Pa\u0144stwu przyk\u0142adowy pakiet menu. S\u0105 to tylko nasze propozycje, kt\u00f3re mo\u017cecie Pa\u0144stwo w dowolny spos\u00f3b zmienia\u0107 , aby stworzy\u0107 jedno niepowtarzalne menu. Ka\u017cd\u0105 uroczysto\u015b\u0107 zaczynamy Powitaniem [&hellip;]<\/p>\n","protected":false},"author":1,"featured_media":0,"parent":0,"menu_order":0,"comment_status":"closed","ping_status":"closed","template":"templates\/template-full-notitle.php","meta":{"footnotes":""},"class_list":["post-179","page","type-page","status-publish","hentry","post"],"_links":{"self":[{"href":"https:\/\/kubus-szczecin.pl\/index.php?rest_route=\/wp\/v2\/pages\/179","targetHints":{"allow":["GET"]}}],"collection":[{"href":"https:\/\/kubus-szczecin.pl\/index.php?rest_route=\/wp\/v2\/pages"}],"about":[{"href":"https:\/\/kubus-szczecin.pl\/index.php?rest_route=\/wp\/v2\/types\/page"}],"author":[{"embeddable":true,"href":"https:\/\/kubus-szczecin.pl\/index.php?rest_route=\/wp\/v2\/users\/1"}],"replies":[{"embeddable":true,"href":"https:\/\/kubus-szczecin.pl\/index.php?rest_route=%2Fwp%2Fv2%2Fcomments&post=179"}],"version-history":[{"count":65,"href":"https:\/\/kubus-szczecin.pl\/index.php?rest_route=\/wp\/v2\/pages\/179\/revisions"}],"predecessor-version":[{"id":3645,"href":"https:\/\/kubus-szczecin.pl\/index.php?rest_route=\/wp\/v2\/pages\/179\/revisions\/3645"}],"wp:attachment":[{"href":"https:\/\/kubus-szczecin.pl\/index.php?rest_route=%2Fwp%2Fv2%2Fmedia&parent=179"}],"curies":[{"name":"wp","href":"https:\/\/api.w.org\/{rel}","templated":true}]}}