{"id":182,"date":"2018-02-06T13:32:09","date_gmt":"2018-02-06T13:32:09","guid":{"rendered":"http:\/\/serwer1713535.home.pl\/autoinstalator\/wordpress\/?page_id=182"},"modified":"2026-04-16T18:09:02","modified_gmt":"2026-04-16T18:09:02","slug":"komunie","status":"publish","type":"page","link":"https:\/\/kubus-szczecin.pl\/?page_id=182","title":{"rendered":"komunie"},"content":{"rendered":"<div id=\"pl-182\"  class=\"panel-layout\" ><div id=\"pg-182-0\"  class=\"panel-grid panel-no-style\" ><div id=\"pgc-182-0-0\"  class=\"panel-grid-cell\" ><div id=\"panel-182-0-0-0\" class=\"so-panel widget widget_sow-editor panel-first-child panel-last-child\" data-index=\"0\" ><div\n\t\t\t\n\t\t\tclass=\"so-widget-sow-editor so-widget-sow-editor-base\"\n\t\t\t\n\t\t>\n<div class=\"siteorigin-widget-tinymce textwidget\">\n\t<h2 style=\"text-align: center;\"><strong>KOMUNIE 2026<\/strong><\/h2>\n<p style=\"text-align: center;\">Organizuj\u0105c przyj\u0119cie komunijne w Restauracji Kubu\u015b, stawiamy na stworzenie ciep\u0142ej, rodzinnej atmosfery, kt\u00f3ra sprawi, \u017ce ten wyj\u0105tkowy dzie\u0144 na d\u0142ugo pozostanie w pami\u0119ci Pa\u0144stwa i Waszych go\u015bci. Dzi\u0119ki wieloletniemu do\u015bwiadczeniu i zaufaniu naszych klient\u00f3w, gwarantujemy profesjonaln\u0105 obs\u0142ug\u0119,\u00a0 menu dopasowane do Pa\u0144stwa potrzeb oraz indywidualne podej\u015bcie do ka\u017cdego szczeg\u00f3\u0142u. Zapraszamy do kontaktu!<\/p>\n<\/div>\n<\/div><\/div><\/div><\/div><div id=\"pg-182-1\"  class=\"panel-grid panel-no-style\" ><div id=\"pgc-182-1-0\"  class=\"panel-grid-cell\" ><div id=\"panel-182-1-0-0\" class=\"so-panel widget widget_sow-editor panel-first-child panel-last-child\" data-index=\"1\" ><div\n\t\t\t\n\t\t\tclass=\"so-widget-sow-editor so-widget-sow-editor-base\"\n\t\t\t\n\t\t>\n<div class=\"siteorigin-widget-tinymce textwidget\">\n\t<div>\n<h1 style=\"text-align: center;\"><strong>MENU I<\/strong><\/h1>\n<p style=\"text-align: center;\"><strong>\u00a0 \u00a0 \u00a0 \u00a0 \u00a0 \u00a0 \u00a0 \u00a0 \u00a0 \u00a0 \u00a0 \u00a0 \u00a0 \u00a0 \u00a0 \u00a0 ZUPA: ( 1 Do wyboru\u00a0 )<\/strong><\/p>\n<\/div>\n<div style=\"text-align: center;\">\n<p>ROS\u00d3\u0141<\/p>\n<\/div>\n<div style=\"text-align: center;\">\n<p>KREM Z POMIDOR\u00d3W<\/p>\n<\/div>\n<div style=\"text-align: center;\">\n<p>\u017bUREK<\/p>\n<p>&nbsp;<\/p>\n<\/div>\n<div style=\"text-align: center;\">\n<p><strong>\u00a0 \u00a0 \u00a0 \u00a0 \u00a0 \u00a0 \u00a0 \u00a0 \u00a0 \u00a0 \u00a0 \u00a0 \u00a0 \u00a0 \u00a0 \u00a0 \u00a0 \u00a0 \u00a0 \u00a0 \u00a0 \u00a0 \u00a0 DRUGIE DANIE: (2 Do wyboru porcja p\u00f3\u0142 na p\u00f3\u0142)<\/strong><\/p>\n<\/div>\n<div style=\"text-align: center;\">\n<p>DE VOLAILLE<\/p>\n<\/div>\n<div style=\"text-align: center;\">\n<p>FILET W CIE\u015aCIE FRANCUSKIM ZE SZPINAKIEM<\/p>\n<\/div>\n<div style=\"text-align: center;\">\n<p>FILET PANIEORWANY\/SCHAB PANIEROWANY<\/p>\n<\/div>\n<div style=\"text-align: center;\">\n<p>SCHAB Z KO\u015aCI\u0104<\/p>\n<\/div>\n<div style=\"text-align: center;\">\n<p>SCHAB PO ZB\u00d3JNICKU<\/p>\n<\/div>\n<div style=\"text-align: center;\">\n<p>KARK\u00d3WKA LUB FILET DROBIOWY GRILLOWANY<\/p>\n<\/div>\n<div style=\"text-align: center;\">\n<p>POL\u0118DWICZKI DROBIOWE W SOSIE KURKOWYM<\/p>\n<p>&nbsp;<\/p>\n<\/div>\n<div style=\"text-align: center;\">\n<p><strong>*WERSJA DLA OS\u00d3B WEGE:<\/strong><\/p>\n<\/div>\n<div style=\"text-align: center;\">\n<p>PAPRYKA FASZEROWANA RY\u017bEM I WARZYWAMI<\/p>\n<\/div>\n<div style=\"text-align: center;\">\n<p>RYBA POD PIERZYNK\u0104<\/p>\n<\/div>\n<div style=\"text-align: center;\">\n<p>CAMEMBERT PANIEROWANY Z \u017bURAWIN\u0104<\/p>\n<p>&nbsp;<\/p>\n<\/div>\n<div style=\"text-align: center;\">\n<p><strong>\u00a0 \u00a0 \u00a0 \u00a0 \u00a0 \u00a0 \u00a0 \u00a0 \u00a0 \u00a0 \u00a0 \u00a0 \u00a0 \u00a0 \u00a0 \u00a0 \u00a0 \u00a0 \u00a0 \u00a0 \u00a0 \u00a0 \u00a0 \u00a0 \u00a0 \u00a0 \u00a0 \u00a0 DODATKI: (2 Do wyboru porcja p\u00f3\u0142 na p\u00f3\u0142)<\/strong><\/p>\n<\/div>\n<div style=\"text-align: center;\">\n<p>ZIEMNIAKI GOTOWANE Z KOPERKIEM<\/p>\n<\/div>\n<div style=\"text-align: center;\">\n<p>ZIEMNIAKI PIECZONE<\/p>\n<\/div>\n<div style=\"text-align: center;\">\n<p>KLUSKI \u015aL\u0104SKIE<\/p>\n<\/div>\n<div style=\"text-align: center;\">\n<p>FRYTKI<\/p>\n<p>&nbsp;<\/p>\n<\/div>\n<div style=\"text-align: center;\">\n<p><strong>SUR\u00d3WKI \/ 2 RODZAJE: <\/strong><\/p>\n<p>BURACZKI, COLES\u0141AW, WIOSENNA, MARCHEWKA, OG\u00d3REK<\/p>\n<\/div>\n<div style=\"text-align: center;\">\n<p>KISZONY<\/p>\n<\/div>\n<div style=\"text-align: center;\">\n<p>MENU DLA DZIECI:<\/p>\n<\/div>\n<div style=\"text-align: center;\">\n<p>NUGETTSY Z FRYTKAMI<\/p>\n<p>&nbsp;<\/p>\n<\/div>\n<div style=\"text-align: center;\">\n<p><strong>ZIMNE PRZEK\u0104SKI (5 DO WYBORU)<\/strong><\/p>\n<\/div>\n<div style=\"text-align: center;\">\n<p>TRADYCYJNA SA\u0141ATKA JARZYNOWA<\/p>\n<\/div>\n<div style=\"text-align: center;\">\n<p>SA\u0141ATKA CEZAR<\/p>\n<\/div>\n<div style=\"text-align: center;\">\n<p>SA\u0141ATKA GYROS<\/p>\n<\/div>\n<div style=\"text-align: center;\">\n<p>SA\u0141ATKA Z MAKAROENM CHI\u0143SKIM I KURCZAKIEM<\/p>\n<\/div>\n<div style=\"text-align: center;\">\n<p>SA\u0141ATKA GRECKA SA\u0141ATKA Z BURAKA, FETY I S\u0141ONECZNIKA<\/p>\n<\/div>\n<div style=\"text-align: center;\">\n<p>JAJKA W SOSIE TATARSKIM\/ Z \u0141OSOSIEM I KAWIOREM<\/p>\n<\/div>\n<div style=\"text-align: center;\">\n<p>MINI KOTLECIKI WIEPRZOWE<\/p>\n<\/div>\n<div style=\"text-align: center;\">\n<p>\u015aLEDZIK GAJOWEGO \u015aLED\u0179 W OLEJU<\/p>\n<\/div>\n<div style=\"text-align: center;\">\n<p>GALARETKA DROBIOWA\/WIEPRZOWA<\/p>\n<p>PA\u0141KI Z KURCZAKA W MARYNACIE MIODOWEJ<\/p>\n<\/div>\n<div style=\"text-align: center;\">\n<p>TATAR TRADYCYJNY<\/p>\n<\/div>\n<div style=\"text-align: center;\">\n<p>MI\u0118SA PIECZONE SCHAB\/KARK\u00d3WKA\/DR\u00d3B<\/p>\n<\/div>\n<div style=\"text-align: center;\">\n<p>SERY: \u017b\u00d3\u0141TE I PLE\u015aNIOWE<\/p>\n<\/div>\n<div style=\"text-align: center;\">\n<p>PIECZARKI FASZEROWANE<\/p>\n<\/div>\n<div style=\"text-align: center;\">\n<p>RYBA PO GRECKU<\/p>\n<\/div>\n<div style=\"text-align: center;\">\n<p>TORTILLE NADZIEWANE<\/p>\n<\/div>\n<div style=\"text-align: center;\">\n<p>SZPARAGI W SZYNCE SAKIEWKI ZE SZPINAKIEM I FET\u0104<\/p>\n<p>&nbsp;<\/p>\n<\/div>\n<div style=\"text-align: center;\"><\/div>\n<div style=\"text-align: center;\">\n<p><strong>S\u0141ODKI BUFET:<\/strong><\/p>\n<\/div>\n<div style=\"text-align: center;\">\n<p>CIASTA\u00a0 OK 200GR\/OSOBA<\/p>\n<\/div>\n<div style=\"text-align: center;\">\n<p>KAWA , HERBATA, WODA, SOKI (POMARA\u0143CZOWY) B\/O<\/p>\n<\/div>\n<div style=\"text-align: center;\">\n<p>*SOK JAB\u0141KOWY NA \u017bYCZENIE<\/p>\n<\/div>\n<div style=\"text-align: center;\">\n<p>*TORT JEST PO STRONIE KLIENTA<\/p>\n<\/div>\n<div style=\"text-align: center;\">\n<p>&nbsp;<\/p>\n<\/div>\n<div style=\"text-align: center;\">\n<p><strong>W CENIE. DEKORACJA PODSTAWOWA: <\/strong><\/p>\n<p>BIA\u0141Y OBRUS, \u015aWIECZKI, SERWETKA I KOKARDA NA KRZES\u0141O W WYBRANYM KOLORZE POKROWCE NA KRZES\u0141A<\/p>\n<p>&nbsp;<\/p>\n<\/div>\n<p style=\"text-align: center;\"><strong>CENA do 270 Z\u0141 OD OSOBY\u00a0<\/strong><\/p>\n<p style=\"text-align: center;\"><strong>impreza do 5 godzin<\/strong><\/p>\n<\/div>\n<\/div><\/div><\/div><div id=\"pgc-182-1-1\"  class=\"panel-grid-cell\" ><div id=\"panel-182-1-1-0\" class=\"so-panel widget widget_sow-editor panel-first-child panel-last-child\" data-index=\"2\" ><div\n\t\t\t\n\t\t\tclass=\"so-widget-sow-editor so-widget-sow-editor-base\"\n\t\t\t\n\t\t>\n<div class=\"siteorigin-widget-tinymce textwidget\">\n\t<div>\n<h1 style=\"text-align: center;\"><strong>MENU II<\/strong><\/h1>\n<p style=\"text-align: center;\"><strong>ZUPA: (1 DO WYBORU)<\/strong><\/p>\n<\/div>\n<div style=\"text-align: center;\">\n<p>ROS\u00d3\u0141<\/p>\n<\/div>\n<div style=\"text-align: center;\">\n<p>KREM Z POMIDOR\u00d3W<\/p>\n<\/div>\n<div style=\"text-align: center;\">\n<p>\u017bUREK<\/p>\n<p>&nbsp;<\/p>\n<\/div>\n<div style=\"text-align: center;\">\n<p><strong>\u00a0 \u00a0 \u00a0 \u00a0 \u00a0 \u00a0 \u00a0 \u00a0 \u00a0 \u00a0 \u00a0 \u00a0 \u00a0 \u00a0DRUGIE DANIE:\u00a0 (2 Do wyboru porcja p\u00f3\u0142 na p\u00f3\u0142)<\/strong><\/p>\n<\/div>\n<div style=\"text-align: center;\">\n<p>DE VOLAILLE<\/p>\n<\/div>\n<div style=\"text-align: center;\">\n<p>FILET W CIE\u015aCIE FRANCUSKIM ZE SZPINAKIEM<\/p>\n<\/div>\n<div style=\"text-align: center;\">\n<p>FILET PANIEORWANY\/SCHAB PANIEROWANY<\/p>\n<\/div>\n<div style=\"text-align: center;\">\n<p>SCHAB Z KO\u015aCI\u0104<\/p>\n<\/div>\n<div style=\"text-align: center;\">\n<p>SCHAB PO ZB\u00d3JNICKU<\/p>\n<\/div>\n<div style=\"text-align: center;\">\n<p>KARK\u00d3WKA LUB FILET DROBIOWY GRILLOWANY<\/p>\n<\/div>\n<div style=\"text-align: center;\">\n<p>POL\u0118DWICZKI DROBIOWE W SOSIE KURKOWYM<\/p>\n<p>&nbsp;<\/p>\n<\/div>\n<div style=\"text-align: center;\">\n<p><strong>*WERSJA DLA OS\u00d3B WEGE:<\/strong><\/p>\n<\/div>\n<div style=\"text-align: center;\">\n<p>PAPRYKA FASZEROWANA RY\u017bEM I WARZYWAMI<\/p>\n<\/div>\n<div style=\"text-align: center;\">\n<p>RYBA POD PIERZYNK\u0104<\/p>\n<\/div>\n<div style=\"text-align: center;\">\n<p>CAMEMBERT PANIEROWANY Z \u017bURAWIN\u0104<\/p>\n<p>&nbsp;<\/p>\n<\/div>\n<div style=\"text-align: center;\">\n<p><strong>\u00a0 \u00a0 \u00a0 \u00a0 \u00a0 \u00a0 \u00a0 \u00a0 \u00a0 \u00a0 DODATKI: (2 Do wyboru porcja p\u00f3\u0142 na p\u00f3\u0142)<\/strong><\/p>\n<\/div>\n<div style=\"text-align: center;\">\n<p>ZIEMNIAKI GOTOWANE Z KOPERKIEM<\/p>\n<\/div>\n<div style=\"text-align: center;\">\n<p>ZIEMNIAKI PIECZONE<\/p>\n<\/div>\n<div style=\"text-align: center;\">\n<p>KLUSKI \u015aL\u0104SKIE<\/p>\n<\/div>\n<div style=\"text-align: center;\">\n<p>FRYTKI<\/p>\n<p>&nbsp;<\/p>\n<\/div>\n<div style=\"text-align: center;\">\n<p><strong>SUR\u00d3WKI \/ 2 RODZAJE: <\/strong><\/p>\n<p>BURACZKI, COLES\u0141AW, WIOSENNA, MARCHEWKA, OG\u00d3REK<\/p>\n<\/div>\n<div style=\"text-align: center;\">\n<p>KISZONY<\/p>\n<\/div>\n<div style=\"text-align: center;\">\n<p>MENU DLA DZIECI:<\/p>\n<\/div>\n<div style=\"text-align: center;\">\n<p>NUGETTSY Z FRYTKAMI<\/p>\n<\/div>\n<div style=\"text-align: center;\">\n<p>&nbsp;<\/p>\n<\/div>\n<div style=\"text-align: center;\">\n<p><strong>S\u0141ODKI BUFET:<\/strong><\/p>\n<\/div>\n<div style=\"text-align: center;\">\n<p>\u00a0 \u00a0 \u00a0 \u00a0 \u00a0CIASTA\u00a0 OK 200GR\/OSOBA<\/p>\n<\/div>\n<div style=\"text-align: center;\">\n<p>KAWA , HERBATA, WODA, SOKI (POMARA\u0143CZOWY) B\/O<\/p>\n<\/div>\n<div style=\"text-align: center;\">\n<p>*SOK JAB\u0141KOWY NA \u017bYCZENIE<\/p>\n<\/div>\n<div style=\"text-align: center;\">\n<p>*TORT JEST PO STRONIE KLIENTA<\/p>\n<p>&nbsp;<\/p>\n<\/div>\n<div style=\"text-align: center;\">\n<p>&nbsp;<\/p>\n<\/div>\n<div style=\"text-align: center;\">\n<p><strong>W CENIE. DEKORACJA PODSTAWOWA: <\/strong><\/p>\n<p>BIA\u0141Y OBRUS, \u015aWIECZKI, SERWETKA I KOKARDA NA KRZES\u0141O W WYBRANYM KOLORZE POKROWCE NA KRZES\u0141A<\/p>\n<p>&nbsp;<\/p>\n<\/div>\n<p style=\"text-align: center;\"><strong>CENA 220 Z\u0141 OD OSOBY<\/strong><\/p>\n<p style=\"text-align: center;\"><strong>impreza do 3 godzin<\/strong><\/p>\n<\/div>\n<\/div><\/div><\/div><\/div><div id=\"pg-182-2\"  class=\"panel-grid panel-no-style\" ><div id=\"pgc-182-2-0\"  class=\"panel-grid-cell panel-grid-cell-empty\" ><\/div><div id=\"pgc-182-2-1\"  class=\"panel-grid-cell panel-grid-cell-empty\" ><\/div><div id=\"pgc-182-2-2\"  class=\"panel-grid-cell\" ><div id=\"panel-182-2-2-0\" class=\"so-panel widget widget_sow-button panel-first-child\" data-index=\"3\" ><div\n\t\t\t\n\t\t\tclass=\"so-widget-sow-button so-widget-sow-button-wire-c2f37adf1c23-182\"\n\t\t\t\n\t\t><div class=\"ow-button-base ow-button-align-center\"\n>\n\t\t\t<a\n\t\t\t\t\thref=\"https:\/\/kubus-szczecin.pl\/?page_id=159\"\n\t\t\t\t\tclass=\"sowb-button ow-icon-placement-left ow-button-hover\" \t>\n\t\t<span>\n\t\t\t\n\t\t\tpowr\u00f3t...\t\t<\/span>\n\t\t\t<\/a>\n\t<\/div>\n<\/div><\/div><div id=\"panel-182-2-2-1\" class=\"so-panel widget widget_sow-editor panel-last-child\" data-index=\"4\" ><div\n\t\t\t\n\t\t\tclass=\"so-widget-sow-editor so-widget-sow-editor-base\"\n\t\t\t\n\t\t>\n<div class=\"siteorigin-widget-tinymce textwidget\">\n\t<p>&nbsp;<\/p>\n<\/div>\n<\/div><\/div><\/div><div id=\"pgc-182-2-3\"  class=\"panel-grid-cell panel-grid-cell-empty panel-grid-cell-mobile-last\" ><\/div><div id=\"pgc-182-2-4\"  class=\"panel-grid-cell panel-grid-cell-empty\" ><\/div><\/div><\/div>","protected":false},"excerpt":{"rendered":"<p>KOMUNIE 2026 Organizuj\u0105c przyj\u0119cie komunijne w Restauracji Kubu\u015b, stawiamy na stworzenie ciep\u0142ej, rodzinnej atmosfery, kt\u00f3ra sprawi, \u017ce ten wyj\u0105tkowy dzie\u0144 na d\u0142ugo pozostanie w pami\u0119ci Pa\u0144stwa i Waszych go\u015bci. Dzi\u0119ki [&hellip;]<\/p>\n","protected":false},"author":1,"featured_media":0,"parent":0,"menu_order":0,"comment_status":"closed","ping_status":"closed","template":"templates\/template-full-notitle.php","meta":{"footnotes":""},"class_list":["post-182","page","type-page","status-publish","hentry","post"],"_links":{"self":[{"href":"https:\/\/kubus-szczecin.pl\/index.php?rest_route=\/wp\/v2\/pages\/182","targetHints":{"allow":["GET"]}}],"collection":[{"href":"https:\/\/kubus-szczecin.pl\/index.php?rest_route=\/wp\/v2\/pages"}],"about":[{"href":"https:\/\/kubus-szczecin.pl\/index.php?rest_route=\/wp\/v2\/types\/page"}],"author":[{"embeddable":true,"href":"https:\/\/kubus-szczecin.pl\/index.php?rest_route=\/wp\/v2\/users\/1"}],"replies":[{"embeddable":true,"href":"https:\/\/kubus-szczecin.pl\/index.php?rest_route=%2Fwp%2Fv2%2Fcomments&post=182"}],"version-history":[{"count":79,"href":"https:\/\/kubus-szczecin.pl\/index.php?rest_route=\/wp\/v2\/pages\/182\/revisions"}],"predecessor-version":[{"id":3644,"href":"https:\/\/kubus-szczecin.pl\/index.php?rest_route=\/wp\/v2\/pages\/182\/revisions\/3644"}],"wp:attachment":[{"href":"https:\/\/kubus-szczecin.pl\/index.php?rest_route=%2Fwp%2Fv2%2Fmedia&parent=182"}],"curies":[{"name":"wp","href":"https:\/\/api.w.org\/{rel}","templated":true}]}}