{"id":2,"date":"2016-05-10T03:48:21","date_gmt":"2016-05-10T03:48:21","guid":{"rendered":"http:\/\/serwer1713535.home.pl\/autoinstalator\/wordpress\/?page_id=2"},"modified":"2025-07-14T11:47:31","modified_gmt":"2025-07-14T11:47:31","slug":"sample-page","status":"publish","type":"page","link":"https:\/\/kubus-szczecin.pl\/","title":{"rendered":"STRONA G\u0141\u00d3WNA"},"content":{"rendered":"<div id=\"pl-2\"  class=\"panel-layout\" ><div id=\"pg-2-0\"  class=\"panel-grid panel-no-style\" ><div id=\"pgc-2-0-0\"  class=\"panel-grid-cell\" ><div id=\"panel-2-0-0-0\" class=\"so-panel widget widget_sow-editor panel-first-child panel-last-child\" data-index=\"0\" ><div\n\t\t\t\n\t\t\tclass=\"so-widget-sow-editor so-widget-sow-editor-base\"\n\t\t\t\n\t\t><h3 class=\"widget-title\">O NAS<\/h3>\n<div class=\"siteorigin-widget-tinymce textwidget\">\n\t<header class=\"Message-header flex items-start\" tabindex=\"0\" role=\"button\">\n<div class=\"Message-info flex-max\">\n<div class=\"Message-details-wrap flex-max\">\n<div class=\"Message-details Message-details--hide Message-details--show\">\n<p class=\"cvGsUA direction-ltr align-start para-style-body\"><span class=\"OYPEnA font-feature-liga-off font-feature-clig-off font-feature-calt-off text-decoration-none text-strikethrough-none\">Restauracja Kubu\u015b to miejsce z tradycj\u0105, kt\u00f3re od <\/span><strong><span class=\"OYPEnA font-feature-liga-off font-feature-clig-off font-feature-calt-off text-decoration-none text-strikethrough-none\">ponad 15 lat<\/span><\/strong><span class=\"OYPEnA font-feature-liga-off font-feature-clig-off font-feature-calt-off text-decoration-none text-strikethrough-none\"> go\u015bci na kulinarnym szlaku <\/span><strong><span class=\"OYPEnA font-feature-liga-off font-feature-clig-off font-feature-calt-off text-decoration-none text-strikethrough-none\">Szczecina<\/span><\/strong><span class=\"OYPEnA font-feature-liga-off font-feature-clig-off font-feature-calt-off text-decoration-none text-strikethrough-none\">. Przez ten czas zdobyli\u015bmy zaufanie i sympati\u0119 wielu klient\u00f3w, kt\u00f3rzy ceni\u0105 nas za domow\u0105 atmosfer\u0119, smaczne jedzenie i profesjonaln\u0105 obs\u0142ug\u0119.<\/span><\/p>\n<p class=\"cvGsUA direction-ltr align-start para-style-body\"><span class=\"OYPEnA font-feature-liga-off font-feature-clig-off font-feature-calt-off text-decoration-none text-strikethrough-none\">Nasza codzienna oferta to przede wszystkim <\/span><strong><span class=\"OYPEnA font-feature-liga-off font-feature-clig-off font-feature-calt-off text-decoration-none text-strikethrough-none\">domowe obiady<\/span><\/strong><span class=\"OYPEnA font-feature-liga-off font-feature-clig-off font-feature-calt-off text-decoration-none text-strikethrough-none\">, przygotowywane z pasj\u0105 i dba\u0142o\u015bci\u0105 o najwy\u017csz\u0105 jako\u015b\u0107 sk\u0142adnik\u00f3w. Stawiamy na tradycyjne polskie smaki, kt\u00f3re przypominaj\u0105 o ciep\u0142ych, rodzinnych posi\u0142kach.<\/span><\/p>\n<p class=\"cvGsUA direction-ltr align-start para-style-body\"><span class=\"OYPEnA font-feature-liga-off font-feature-clig-off font-feature-calt-off text-decoration-none text-strikethrough-none\">Poza codzienn\u0105 dzia\u0142alno\u015bci\u0105, specjalizujemy si\u0119 w organizacji <\/span><span class=\"OYPEnA font-feature-liga-off font-feature-clig-off font-feature-calt-off text-decoration-none text-strikethrough-none\"><strong>catering\u00f3w dla szk\u00f3\u0142, przedszkoli oraz szpital<\/strong>i, <\/span><span class=\"OYPEnA font-feature-liga-off font-feature-clig-off font-feature-calt-off text-decoration-none text-strikethrough-none\">oferuj\u0105c zbilansowane i smaczne posi\u0142ki, dostosowane do potrzeb naszych najm\u0142odszych i najbardziej wymagaj\u0105cych klient\u00f3w.<\/span><\/p>\n<p class=\"cvGsUA direction-ltr align-start para-style-body\"><span class=\"OYPEnA font-feature-liga-off font-feature-clig-off font-feature-calt-off text-decoration-none text-strikethrough-none\">Weekend to czas, kiedy Restauracja Kubu\u015b zamienia si\u0119 w idealne miejsce na <strong>organizacj\u0119 <\/strong><\/span><strong><span class=\"OYPEnA font-feature-liga-off font-feature-clig-off font-feature-calt-off text-decoration-none text-strikethrough-none\">przyj\u0119\u0107 rodzinnych<\/span><\/strong><span class=\"OYPEnA font-feature-liga-off font-feature-clig-off font-feature-calt-off text-decoration-none text-strikethrough-none\">. Z rado\u015bci\u0105 pomo\u017cemy Pa\u0144stwu w przygotowaniu niezapomnianych uroczysto\u015bci, takich jak <\/span><span class=\"OYPEnA font-feature-liga-off font-feature-clig-off font-feature-calt-off text-decoration-none text-strikethrough-none\"><strong>chrzciny, stypy, komunie, wesela czy urodziny<\/strong>.<\/span><span class=\"OYPEnA font-feature-liga-off font-feature-clig-off font-feature-calt-off text-decoration-none text-strikethrough-none\"> Nasze do\u015bwiadczenie i indywidualne podej\u015bcie do ka\u017cdego klienta gwarantuj\u0105, \u017ce ka\u017cde przyj\u0119cie b\u0119dzie wyj\u0105tkowe i dopracowane w najmniejszych szczeg\u00f3\u0142ach.<\/span><\/p>\n<p>&nbsp;<\/p>\n<p class=\"cvGsUA direction-ltr align-start para-style-body\"><strong><span class=\"OYPEnA font-feature-liga-off font-feature-clig-off font-feature-calt-off text-decoration-none text-strikethrough-none\">Zapraszamy do Restauracji Kubu\u015b!<\/span><\/strong><\/p>\n<\/div>\n<\/div>\n<\/div>\n<div class=\"Message-options\">\n<div class=\"ButtonsGroup\">\n<div><\/div>\n<\/div>\n<div>\n<div><\/div>\n<\/div>\n<\/div>\n<\/header>\n<div class=\"Message-content\">\n<div id=\"gwpd557350b\">\n<div id=\"gwpd557350bh\">\n<div class=\"gwpd557350bb\" data-message-body=\"true\">\n<div class=\"gwpd557350b_align-center\"><\/div>\n<div class=\"gwpd557350b_align-center\"><\/div>\n<\/div>\n<\/div>\n<\/div>\n<\/div>\n<hr \/>\n<\/div>\n<\/div><\/div><\/div><div id=\"pgc-2-0-1\"  class=\"panel-grid-cell\" ><div id=\"panel-2-0-1-0\" class=\"so-panel widget widget_media_image panel-first-child panel-last-child\" data-index=\"1\" ><img loading=\"lazy\" decoding=\"async\" width=\"720\" height=\"960\" src=\"https:\/\/kubus-szczecin.pl\/wp-content\/uploads\/2025\/06\/IMG_0773-768x1024.jpg\" class=\"image wp-image-3426  attachment-large size-large\" alt=\"\" style=\"max-width: 100%; height: auto;\" srcset=\"https:\/\/kubus-szczecin.pl\/wp-content\/uploads\/2025\/06\/IMG_0773-768x1024.jpg 768w, https:\/\/kubus-szczecin.pl\/wp-content\/uploads\/2025\/06\/IMG_0773-225x300.jpg 225w, https:\/\/kubus-szczecin.pl\/wp-content\/uploads\/2025\/06\/IMG_0773-1152x1536.jpg 1152w, https:\/\/kubus-szczecin.pl\/wp-content\/uploads\/2025\/06\/IMG_0773-1536x2048.jpg 1536w, https:\/\/kubus-szczecin.pl\/wp-content\/uploads\/2025\/06\/IMG_0773-scaled.jpg 1920w\" sizes=\"auto, (max-width: 720px) 100vw, 720px\" \/><\/div><\/div><\/div><div id=\"pg-2-1\"  class=\"panel-grid panel-no-style\" ><div id=\"pgc-2-1-0\"  class=\"panel-grid-cell\" ><div id=\"panel-2-1-0-0\" class=\"so-panel widget widget_media_image panel-first-child\" data-index=\"2\" ><img loading=\"lazy\" decoding=\"async\" width=\"240\" height=\"300\" src=\"https:\/\/kubus-szczecin.pl\/wp-content\/uploads\/2025\/07\/Untitled-design-240x300.png\" class=\"image wp-image-3460  attachment-medium size-medium\" alt=\"\" style=\"max-width: 100%; height: auto;\" srcset=\"https:\/\/kubus-szczecin.pl\/wp-content\/uploads\/2025\/07\/Untitled-design-240x300.png 240w, https:\/\/kubus-szczecin.pl\/wp-content\/uploads\/2025\/07\/Untitled-design-819x1024.png 819w, https:\/\/kubus-szczecin.pl\/wp-content\/uploads\/2025\/07\/Untitled-design-768x960.png 768w, https:\/\/kubus-szczecin.pl\/wp-content\/uploads\/2025\/07\/Untitled-design.png 1080w\" sizes=\"auto, (max-width: 240px) 100vw, 240px\" \/><\/div><div id=\"panel-2-1-0-1\" class=\"so-panel widget widget_media_image panel-last-child\" data-index=\"3\" ><img loading=\"lazy\" decoding=\"async\" width=\"225\" height=\"300\" src=\"https:\/\/kubus-szczecin.pl\/wp-content\/uploads\/2025\/06\/IMG_0770-225x300.jpg\" class=\"image wp-image-3423  attachment-medium size-medium\" alt=\"\" style=\"max-width: 100%; height: auto;\" srcset=\"https:\/\/kubus-szczecin.pl\/wp-content\/uploads\/2025\/06\/IMG_0770-225x300.jpg 225w, https:\/\/kubus-szczecin.pl\/wp-content\/uploads\/2025\/06\/IMG_0770-768x1024.jpg 768w, https:\/\/kubus-szczecin.pl\/wp-content\/uploads\/2025\/06\/IMG_0770-1152x1536.jpg 1152w, https:\/\/kubus-szczecin.pl\/wp-content\/uploads\/2025\/06\/IMG_0770-1536x2048.jpg 1536w, https:\/\/kubus-szczecin.pl\/wp-content\/uploads\/2025\/06\/IMG_0770-scaled.jpg 1920w\" sizes=\"auto, (max-width: 225px) 100vw, 225px\" \/><\/div><\/div><div id=\"pgc-2-1-1\"  class=\"panel-grid-cell\" ><div id=\"panel-2-1-1-0\" class=\"so-panel widget widget_media_image panel-first-child\" data-index=\"4\" ><img loading=\"lazy\" decoding=\"async\" width=\"225\" height=\"300\" src=\"https:\/\/kubus-szczecin.pl\/wp-content\/uploads\/2025\/06\/IMG_0805-225x300.jpg\" class=\"image wp-image-3443  attachment-medium size-medium\" alt=\"\" style=\"max-width: 100%; height: auto;\" srcset=\"https:\/\/kubus-szczecin.pl\/wp-content\/uploads\/2025\/06\/IMG_0805-225x300.jpg 225w, https:\/\/kubus-szczecin.pl\/wp-content\/uploads\/2025\/06\/IMG_0805-768x1024.jpg 768w, https:\/\/kubus-szczecin.pl\/wp-content\/uploads\/2025\/06\/IMG_0805-1152x1536.jpg 1152w, https:\/\/kubus-szczecin.pl\/wp-content\/uploads\/2025\/06\/IMG_0805-1536x2048.jpg 1536w, https:\/\/kubus-szczecin.pl\/wp-content\/uploads\/2025\/06\/IMG_0805-scaled.jpg 1920w\" sizes=\"auto, (max-width: 225px) 100vw, 225px\" \/><\/div><div id=\"panel-2-1-1-1\" class=\"so-panel widget widget_media_image panel-last-child\" data-index=\"5\" ><img loading=\"lazy\" decoding=\"async\" width=\"225\" height=\"300\" src=\"https:\/\/kubus-szczecin.pl\/wp-content\/uploads\/2025\/06\/IMG_0781-225x300.jpg\" class=\"image wp-image-3428  attachment-medium size-medium\" alt=\"\" style=\"max-width: 100%; height: auto;\" srcset=\"https:\/\/kubus-szczecin.pl\/wp-content\/uploads\/2025\/06\/IMG_0781-225x300.jpg 225w, https:\/\/kubus-szczecin.pl\/wp-content\/uploads\/2025\/06\/IMG_0781-768x1024.jpg 768w, https:\/\/kubus-szczecin.pl\/wp-content\/uploads\/2025\/06\/IMG_0781-1152x1536.jpg 1152w, https:\/\/kubus-szczecin.pl\/wp-content\/uploads\/2025\/06\/IMG_0781-1536x2048.jpg 1536w, https:\/\/kubus-szczecin.pl\/wp-content\/uploads\/2025\/06\/IMG_0781-scaled.jpg 1920w\" sizes=\"auto, (max-width: 225px) 100vw, 225px\" \/><\/div><\/div><div id=\"pgc-2-1-2\"  class=\"panel-grid-cell\" ><div id=\"panel-2-1-2-0\" class=\"so-panel widget widget_media_image panel-first-child\" data-index=\"6\" ><img loading=\"lazy\" decoding=\"async\" width=\"225\" height=\"300\" src=\"https:\/\/kubus-szczecin.pl\/wp-content\/uploads\/2025\/06\/IMG_0799-225x300.jpg\" class=\"image wp-image-3439  attachment-medium size-medium\" alt=\"\" style=\"max-width: 100%; height: auto;\" srcset=\"https:\/\/kubus-szczecin.pl\/wp-content\/uploads\/2025\/06\/IMG_0799-225x300.jpg 225w, https:\/\/kubus-szczecin.pl\/wp-content\/uploads\/2025\/06\/IMG_0799-768x1024.jpg 768w, https:\/\/kubus-szczecin.pl\/wp-content\/uploads\/2025\/06\/IMG_0799-1152x1536.jpg 1152w, https:\/\/kubus-szczecin.pl\/wp-content\/uploads\/2025\/06\/IMG_0799-1536x2048.jpg 1536w, https:\/\/kubus-szczecin.pl\/wp-content\/uploads\/2025\/06\/IMG_0799-scaled.jpg 1920w\" sizes=\"auto, (max-width: 225px) 100vw, 225px\" \/><\/div><div id=\"panel-2-1-2-1\" class=\"so-panel widget widget_sow-editor\" data-index=\"7\" ><div\n\t\t\t\n\t\t\tclass=\"so-widget-sow-editor so-widget-sow-editor-base\"\n\t\t\t\n\t\t>\n<div class=\"siteorigin-widget-tinymce textwidget\">\n\t<p>&nbsp;<\/p>\n<p><strong>Zapraszamy do obejrzenia zdj\u0119\u0107 w galerii.<\/strong><\/p>\n<p>&nbsp;<\/p>\n<\/div>\n<\/div><\/div><div id=\"panel-2-1-2-2\" class=\"so-panel widget widget_sow-button panel-last-child\" data-index=\"8\" ><div\n\t\t\t\n\t\t\tclass=\"so-widget-sow-button so-widget-sow-button-wire-bf60e424f057-2\"\n\t\t\t\n\t\t><div class=\"ow-button-base ow-button-align-center\"\n>\n\t\t\t<a\n\t\t\t\t\thref=\"https:\/\/kubus-szczecin.pl\/?page_id=170\"\n\t\t\t\t\tclass=\"sowb-button ow-icon-placement-left ow-button-hover\" \t>\n\t\t<span>\n\t\t\t\n\t\t\tWi\u0119cej zdj\u0119\u0107...\t\t<\/span>\n\t\t\t<\/a>\n\t<\/div>\n<\/div><\/div><\/div><\/div><div id=\"pg-2-2\"  class=\"panel-grid panel-no-style\" ><div id=\"pgc-2-2-0\"  class=\"panel-grid-cell\" ><div id=\"panel-2-2-0-0\" class=\"so-panel widget widget_sow-editor panel-first-child panel-last-child\" data-index=\"9\" ><div\n\t\t\t\n\t\t\tclass=\"so-widget-sow-editor so-widget-sow-editor-base\"\n\t\t\t\n\t\t>\n<div class=\"siteorigin-widget-tinymce textwidget\">\n\t<hr \/>\n<\/div>\n<\/div><\/div><\/div><\/div><div id=\"pg-2-3\"  class=\"panel-grid panel-no-style\" ><div id=\"pgc-2-3-0\"  class=\"panel-grid-cell\" ><div id=\"panel-2-3-0-0\" class=\"so-panel widget widget_sow-editor panel-first-child panel-last-child\" data-index=\"10\" ><div\n\t\t\t\n\t\t\tclass=\"so-widget-sow-editor so-widget-sow-editor-base\"\n\t\t\t\n\t\t><h3 class=\"widget-title\">NASZA SALA<\/h3>\n<div class=\"siteorigin-widget-tinymce textwidget\">\n\t<div class=\"siteorigin-widget-tinymce textwidget\">\n<p><strong>Kubu\u015b<\/strong> to przestronny, nowoczesny lokal zaaran\u017cowany w kameralnym przytulnym klimacie w kt\u00f3rym z pewno\u015bci\u0105 znajdziesz co\u015b, w czym mo\u017cna si\u0119 zakocha\u0107. Mo\u017ce to by\u0107 wspania\u0142a, niepowtarzalna atmosfera, mo\u017ce jedna z pozycji naszego menu, a mo\u017ce wystr\u00f3j wn\u0119trza lub profesjonalna obs\u0142uga.<\/p>\n<p>Nasz lokal to wymarzone miejsce na wesele b\u0105d\u017a ka\u017cd\u0105 wymarzon\u0105 uroczysto\u015b\u0107. Dwie przestronne, klimatyzowane sale pomieszcz\u0105 130 go\u015bci w komfortowych warunkach do biesiadowania i szampa\u0144skiej zabawy. Przyst\u0119pne ceny w po\u0142\u0105czeniu z najwy\u017csz\u0105 jako\u015bci\u0105 zadowol\u0105 ka\u017cdego klienta.<\/p>\n<\/div>\n<\/div>\n<\/div><\/div><\/div><div id=\"pgc-2-3-1\"  class=\"panel-grid-cell\" ><div id=\"panel-2-3-1-0\" class=\"so-panel widget widget_sow-editor panel-first-child panel-last-child\" data-index=\"11\" ><div\n\t\t\t\n\t\t\tclass=\"so-widget-sow-editor so-widget-sow-editor-base\"\n\t\t\t\n\t\t>\n<div class=\"siteorigin-widget-tinymce textwidget\">\n\t<p><em>\u201eOcena 5 to za ma\u0142o! Uwierzcie mi, \u017ce nie by\u0142o go\u015bcia na weselu, kt\u00f3ry by powiedzia\u0142 \u017ce jedzenie jest nie dobre, albo obs\u0142uga nie fajna. M\u00f3wi si\u0119, \u017ce nie mo\u017cna zadowoli\u0107 wszystkich, to powiem Wam!- Kubu\u015b Szczecin mo\u017ce zadowoli\u0107 ka\u017cdego go\u015bcia.\u201d ~<\/em>P. Ola<\/p>\n<p>&nbsp;<\/p>\n<p><em>\u201eUrz\u0105dzali\u015bmy tam wesele, w skali 1-10 da\u0142bym 11 lub wi\u0119cej\u2026 Profesjonalizm, pomoc w organizacji, obs\u0142uga, rzetelno\u015b\u0107, wszystko na najwy\u017cszym poziomie, a do tego go\u015bcie byli zachwyceni jedzeniem\u2026 Duuuuu\u017cy plus! Gor\u0105co polecam!\u201d<\/em>~ P.Grzegorz<\/p>\n<p>&nbsp;<\/p>\n<\/div>\n<\/div><\/div><\/div><div id=\"pgc-2-3-2\"  class=\"panel-grid-cell\" ><div id=\"panel-2-3-2-0\" class=\"so-panel widget widget_sow-editor panel-first-child\" data-index=\"12\" ><div class=\"panel-widget-style panel-widget-style-for-2-3-2-0\" ><div\n\t\t\t\n\t\t\tclass=\"so-widget-sow-editor so-widget-sow-editor-base\"\n\t\t\t\n\t\t>\n<div class=\"siteorigin-widget-tinymce textwidget\">\n\t<p><em>\u201eZ ca\u0142ego serca pragniemy podzi\u0119kowa<wbr>\u0107 wszystkim, kt\u00f3rzy sprawili aby Nasze przyjecie weselne w Kubusiu by\u0142o tak niesamowit<wbr>e! Wspania\u0142e jedzenie,<wbr> bardzo uprzejme <span class=\"text_exposed_show\">Panie kelnerki, kt\u00f3re dogl\u0105da\u0142y nieustanni<wbr>e aby Nam niczego nie zabrak\u0142o, ponadto podawa\u0142y jedzenie i zmienia\u0142y talerze z pr\u0119dko\u015bci\u0105<wbr> \u015bwiat\u0142a. Cudowna, profesjona<wbr>lna Pani Kasia, kt\u00f3r\u0105 byli\u015bmy zauroczeni<wbr> ju\u017c od pierwszego<wbr> spotkania. Nasi go\u015bcie r\u00f3wnie\u017c byli pod wielkim wra\u017ceniem. Jeszcze raz dzi\u0119kujemy<wbr>, jeste\u015bcie cudowni, a my do Was na pewno jeszcze nie raz wr\u00f3cimy!\u201d P. Edyta<\/span><br \/><\/em><\/p>\n<\/div>\n<\/div><\/div><\/div><div id=\"panel-2-3-2-1\" class=\"so-panel widget widget_sow-button panel-last-child\" data-index=\"13\" ><div\n\t\t\t\n\t\t\tclass=\"so-widget-sow-button so-widget-sow-button-wire-bf60e424f057-2\"\n\t\t\t\n\t\t><div class=\"ow-button-base ow-button-align-center\"\n>\n\t\t\t<a\n\t\t\t\t\thref=\"https:\/\/www.facebook.com\/restauracja.kubus\"\n\t\t\t\t\tclass=\"sowb-button ow-icon-placement-left ow-button-hover\" \t>\n\t\t<span>\n\t\t\t\n\t\t\tZapraszamy na nasz Facebook!\t\t<\/span>\n\t\t\t<\/a>\n\t<\/div>\n<\/div><\/div><\/div><\/div><div id=\"pg-2-4\"  class=\"panel-grid panel-no-style\" ><div id=\"pgc-2-4-0\"  class=\"panel-grid-cell panel-grid-cell-empty\" ><\/div><\/div><div id=\"pg-2-5\"  class=\"panel-grid panel-no-style\" ><div id=\"pgc-2-5-0\"  class=\"panel-grid-cell panel-grid-cell-empty panel-grid-cell-mobile-last\" ><\/div><div id=\"pgc-2-5-1\"  class=\"panel-grid-cell panel-grid-cell-empty\" ><\/div><\/div><div id=\"pg-2-6\"  class=\"panel-grid panel-no-style\" ><div id=\"pgc-2-6-0\"  class=\"panel-grid-cell\" ><div id=\"panel-2-6-0-0\" class=\"so-panel widget widget_sow-editor panel-first-child panel-last-child\" data-index=\"14\" ><div\n\t\t\t\n\t\t\tclass=\"so-widget-sow-editor so-widget-sow-editor-base\"\n\t\t\t\n\t\t>\n<div class=\"siteorigin-widget-tinymce textwidget\">\n\t<hr \/>\n<\/div>\n<\/div><\/div><\/div><\/div><div id=\"pg-2-7\"  class=\"panel-grid panel-no-style\" ><div id=\"pgc-2-7-0\"  class=\"panel-grid-cell\" ><div id=\"panel-2-7-0-0\" class=\"so-panel widget widget_sow-editor panel-first-child panel-last-child\" data-index=\"15\" ><div\n\t\t\t\n\t\t\tclass=\"so-widget-sow-editor so-widget-sow-editor-base\"\n\t\t\t\n\t\t>\n<div class=\"siteorigin-widget-tinymce textwidget\">\n\t<p>\u00a0<\/p>\n<p>Drugi Dzie\u0144 Otwarty w restauracji \"Kubu\u015b\"<\/p>\n<p>Dzi\u0119kujemy za tak liczne przybycie!<\/p>\n<p>By\u0142o niezmiernie mi\u0142o go\u015bci\u0107 Pa\u0144stwa i opowiada\u0107 o naszej pracy.<\/p>\n<p>Wspania\u0142a atmosfera, pe\u0142no wra\u017ce\u0144 i niecodzienny klimat.<\/p>\n<p>Specjalnie dla Pa\u0144stwa filmik z Drugich Dni Otwartych w naszym lokalu!<\/p>\n<\/div>\n<\/div><\/div><\/div><div id=\"pgc-2-7-1\"  class=\"panel-grid-cell\" ><div id=\"panel-2-7-1-0\" class=\"so-panel widget widget_media_video panel-first-child panel-last-child\" data-index=\"16\" ><div style=\"width:100%;\" class=\"wp-video\"><video class=\"wp-video-shortcode\" id=\"video-2-1\" preload=\"metadata\" controls=\"controls\"><source type=\"video\/youtube\" src=\"https:\/\/youtu.be\/Qw5DAmZeD7M?_=1\" \/><a href=\"https:\/\/youtu.be\/Qw5DAmZeD7M\">https:\/\/youtu.be\/Qw5DAmZeD7M<\/a><\/video><\/div><\/div><\/div><\/div><div id=\"pg-2-8\"  class=\"panel-grid panel-no-style\" ><div id=\"pgc-2-8-0\"  class=\"panel-grid-cell\" ><div id=\"panel-2-8-0-0\" class=\"so-panel widget widget_media_video panel-first-child panel-last-child\" data-index=\"17\" ><div style=\"width:100%;\" class=\"wp-video\"><video class=\"wp-video-shortcode\" id=\"video-2-2\" preload=\"metadata\" controls=\"controls\"><source type=\"video\/youtube\" src=\"https:\/\/www.youtube.com\/watch?v=CI_Fd2tVOh8&#038;_=2\" \/><a href=\"https:\/\/www.youtube.com\/watch?v=CI_Fd2tVOh8\">https:\/\/www.youtube.com\/watch?v=CI_Fd2tVOh8<\/a><\/video><\/div><\/div><\/div><\/div><\/div>","protected":false},"excerpt":{"rendered":"<p>Restauracja Kubu\u015b to miejsce z tradycj\u0105, kt\u00f3re od ponad 15 lat go\u015bci na kulinarnym szlaku Szczecina. Przez ten czas zdobyli\u015bmy zaufanie i sympati\u0119 wielu klient\u00f3w, kt\u00f3rzy ceni\u0105 nas za domow\u0105 [&hellip;]<\/p>\n","protected":false},"author":1,"featured_media":0,"parent":0,"menu_order":0,"comment_status":"closed","ping_status":"open","template":"templates\/template-full-notitle.php","meta":{"footnotes":""},"class_list":["post-2","page","type-page","status-publish","hentry","post"],"_links":{"self":[{"href":"https:\/\/kubus-szczecin.pl\/index.php?rest_route=\/wp\/v2\/pages\/2","targetHints":{"allow":["GET"]}}],"collection":[{"href":"https:\/\/kubus-szczecin.pl\/index.php?rest_route=\/wp\/v2\/pages"}],"about":[{"href":"https:\/\/kubus-szczecin.pl\/index.php?rest_route=\/wp\/v2\/types\/page"}],"author":[{"embeddable":true,"href":"https:\/\/kubus-szczecin.pl\/index.php?rest_route=\/wp\/v2\/users\/1"}],"replies":[{"embeddable":true,"href":"https:\/\/kubus-szczecin.pl\/index.php?rest_route=%2Fwp%2Fv2%2Fcomments&post=2"}],"version-history":[{"count":56,"href":"https:\/\/kubus-szczecin.pl\/index.php?rest_route=\/wp\/v2\/pages\/2\/revisions"}],"predecessor-version":[{"id":3271,"href":"https:\/\/kubus-szczecin.pl\/index.php?rest_route=\/wp\/v2\/pages\/2\/revisions\/3271"}],"wp:attachment":[{"href":"https:\/\/kubus-szczecin.pl\/index.php?rest_route=%2Fwp%2Fv2%2Fmedia&parent=2"}],"curies":[{"name":"wp","href":"https:\/\/api.w.org\/{rel}","templated":true}]}}