{"id":3391,"date":"2025-03-25T14:13:50","date_gmt":"2025-03-25T14:13:50","guid":{"rendered":"https:\/\/kubus-szczecin.pl\/?page_id=3391"},"modified":"2025-03-25T14:13:50","modified_gmt":"2025-03-25T14:13:50","slug":"catering","status":"publish","type":"page","link":"https:\/\/kubus-szczecin.pl\/?page_id=3391","title":{"rendered":"CATERING"},"content":{"rendered":"<div id=\"pl-3391\"  class=\"panel-layout\" ><div id=\"pg-3391-0\"  class=\"panel-grid panel-no-style\" ><div id=\"pgc-3391-0-0\"  class=\"panel-grid-cell\" ><div id=\"panel-3391-0-0-0\" class=\"so-panel widget widget_sow-editor panel-first-child panel-last-child\" data-index=\"0\" ><div\n\t\t\t\n\t\t\tclass=\"so-widget-sow-editor so-widget-sow-editor-base\"\n\t\t\t\n\t\t>\n<div class=\"siteorigin-widget-tinymce textwidget\">\n\t<div>\n<p><strong>Catering dla Szk\u00f3\u0142, Przedszkoli i Szpitali<\/strong><\/p>\n<\/div>\n<div>\n<p>Restauracja Kubu\u015b to nie tylko pyszne obiady na miejscu! Specjalizujemy si\u0119 r\u00f3wnie\u017c w organizacji catering\u00f3w dla szk\u00f3\u0142, przedszkoli i szpitali. Zapewniamy zbilansowane i smaczne posi\u0142ki, dostosowane do potrzeb naszych najm\u0142odszych oraz najbardziej wymagaj\u0105cych klient\u00f3w.<\/p>\n<p>&nbsp;<\/p>\n<\/div>\n<p><strong>Aktualnie wsp\u00f3\u0142pracujemy z:\u00a0<\/strong><\/p>\n<p>Instytut Medyczny im. Jana Paw\u0142a II w Szczecinie<\/p>\n<p>Dom Pomocy Spo\u0142ecznej \u015bw. Rodziny<\/p>\n<p>Dom Pomocy Spo\u0142ecznej im. Edmunda Wojty\u0142y<\/p>\n<p>Dom Pomocy Spo\u0142ecznej ul. Broniewskiego w Szczecinie<\/p>\n<p>&nbsp;<\/p>\n<div>\n<p><strong>Abonamenty:<\/strong><\/p>\n<\/div>\n<div>\n<p>Oferujemy abonamenty dzienne, tygodniowe i miesi\u0119czne.<\/p>\n<p>&nbsp;<\/p>\n<\/div>\n<div>\n<p><strong>Ceny abonament\u00f3w:<\/strong><\/p>\n<\/div>\n<ul>\n<li>obiad (zupa + drugie danie)\u00a0 -\u00a0<strong>35 z\u0142<\/strong><\/li>\n<li>3x daniowy [\u015bniadanie, obiad (zupa + drugie danie)\u00a0 + kolacja] -<strong>\u00a048 z\u0142<\/strong><\/li>\n<li>Obiad dla os\u00f3b z kart\u0105 seniora -\u00a0<strong>30 z\u0142<\/strong><\/li>\n<\/ul>\n<p>&nbsp;<\/p>\n<p><strong>Skontaktuj si\u0119 z nami!<\/strong><\/p>\n<div>\n<p>Je\u015bli s\u0105 Pa\u0144stwo zainteresowani nasz\u0105 ofert\u0105 cateringow\u0105 lub maj\u0105 pytania dotycz\u0105ce diet, prosimy o kontakt.<\/p>\n<p>Ch\u0119tnie odpowiemy na wszystkie pytania i przygotujemy indywidualn\u0105 ofert\u0119.<\/p>\n<\/div>\n<div>\n<p><strong>Telefon: 506 813 323<\/strong><\/p>\n<\/div>\n<p>&nbsp;<\/p>\n<p>&nbsp;<\/p>\n<\/div>\n<\/div><\/div><\/div><\/div><\/div>","protected":false},"excerpt":{"rendered":"<p>Catering dla Szk\u00f3\u0142, Przedszkoli i Szpitali Restauracja Kubu\u015b to nie tylko pyszne obiady na miejscu! Specjalizujemy si\u0119 r\u00f3wnie\u017c w organizacji catering\u00f3w dla szk\u00f3\u0142, przedszkoli i szpitali. Zapewniamy zbilansowane i smaczne [&hellip;]<\/p>\n","protected":false},"author":1,"featured_media":0,"parent":0,"menu_order":0,"comment_status":"closed","ping_status":"closed","template":"templates\/template-full-notitle.php","meta":{"footnotes":""},"class_list":["post-3391","page","type-page","status-publish","hentry","post"],"_links":{"self":[{"href":"https:\/\/kubus-szczecin.pl\/index.php?rest_route=\/wp\/v2\/pages\/3391","targetHints":{"allow":["GET"]}}],"collection":[{"href":"https:\/\/kubus-szczecin.pl\/index.php?rest_route=\/wp\/v2\/pages"}],"about":[{"href":"https:\/\/kubus-szczecin.pl\/index.php?rest_route=\/wp\/v2\/types\/page"}],"author":[{"embeddable":true,"href":"https:\/\/kubus-szczecin.pl\/index.php?rest_route=\/wp\/v2\/users\/1"}],"replies":[{"embeddable":true,"href":"https:\/\/kubus-szczecin.pl\/index.php?rest_route=%2Fwp%2Fv2%2Fcomments&post=3391"}],"version-history":[{"count":1,"href":"https:\/\/kubus-szczecin.pl\/index.php?rest_route=\/wp\/v2\/pages\/3391\/revisions"}],"predecessor-version":[{"id":3392,"href":"https:\/\/kubus-szczecin.pl\/index.php?rest_route=\/wp\/v2\/pages\/3391\/revisions\/3392"}],"wp:attachment":[{"href":"https:\/\/kubus-szczecin.pl\/index.php?rest_route=%2Fwp%2Fv2%2Fmedia&parent=3391"}],"curies":[{"name":"wp","href":"https:\/\/api.w.org\/{rel}","templated":true}]}}